{"id":179,"date":"2020-10-19T10:36:30","date_gmt":"2020-10-19T15:36:30","guid":{"rendered":"https:\/\/fredericviale.com\/new\/?post_type=product&#038;p=179"},"modified":"2020-11-10T05:09:45","modified_gmt":"2020-11-10T04:09:45","slug":"pars-en-these-jazz","status":"publish","type":"product","link":"https:\/\/fredericviale.com\/new\/product\/pars-en-these-jazz\/","title":{"rendered":"Pars en Th\u00e8se Jazz"},"content":{"rendered":"<p>Dans cet album,\u00a0Fr\u00e9d\u00e9ric Viale\u00a0rend hommage \u00e0 ses ma\u00eetres et au jazz traditionnel, le jazz qui swingue. C\u2019est pourquoi il s\u2019est entour\u00e9 de jazzmen de renom.\u00a0Emanuele Cisi\u00a0 au saxophone t\u00e9nor et\u00a0Aldo Zunino\u00a0\u00e0 la contrebasse.\u00a0Humberto Amesquita\u00a0au trombone et\u00a0Adam Pache\u00a0\u00e0 la batterie.\u00a0Parmi les onze morceaux de ce disque, sept sont les compositions de Fr\u00e9d\u00e9ric :\u00a0Vendredi 13, Empreinte Celeste, IKA, Azul, OLE, Swing interdit, Paul Chambers.\u00a0Quatre morceaux sont des arrangements de compositions de Mulgrew Miller, Van Heusen &amp; Delage, Vincent Scotto et Kenny Barron.<\/p>\n","protected":false},"excerpt":{"rendered":"<p>Dans cet album, Fr\u00e9d\u00e9ric Viale rend hommage aux grands noms du jazz. Il est entour\u00e9 d\u2019Emanuele Cisi, au sax t\u00e9nor. Aldo Zunino, Humberto Amesquita, Adam Pache sont de la f\u00eate \u00e0 la contrebasse, au trombone et \u00e0 la batterie.<\/p>\n","protected":false},"featured_media":121,"template":"","meta":[],"product_cat":[19],"product_tag":[],"_links":{"self":[{"href":"https:\/\/fredericviale.com\/new\/wp-json\/wp\/v2\/product\/179"}],"collection":[{"href":"https:\/\/fredericviale.com\/new\/wp-json\/wp\/v2\/product"}],"about":[{"href":"https:\/\/fredericviale.com\/new\/wp-json\/wp\/v2\/types\/product"}],"wp:featuredmedia":[{"embeddable":true,"href":"https:\/\/fredericviale.com\/new\/wp-json\/wp\/v2\/media\/121"}],"wp:attachment":[{"href":"https:\/\/fredericviale.com\/new\/wp-json\/wp\/v2\/media?parent=179"}],"wp:term":[{"taxonomy":"product_cat","embeddable":true,"href":"https:\/\/fredericviale.com\/new\/wp-json\/wp\/v2\/product_cat?post=179"},{"taxonomy":"product_tag","embeddable":true,"href":"https:\/\/fredericviale.com\/new\/wp-json\/wp\/v2\/product_tag?post=179"}],"curies":[{"name":"wp","href":"https:\/\/api.w.org\/{rel}","templated":true}]}}